{"id":162,"date":"2024-06-27T19:11:44","date_gmt":"2024-06-27T19:11:44","guid":{"rendered":"https:\/\/gedanica.pl\/?page_id=162"},"modified":"2024-06-27T20:07:55","modified_gmt":"2024-06-27T20:07:55","slug":"o-nas","status":"publish","type":"page","link":"https:\/\/gedanica.pl\/","title":{"rendered":"O Nas"},"content":{"rendered":"\n<p>Firma powsta\u0142a w roku 1998 pocz\u0105tkowo, jako sp\u00f3\u0142ka cywilna. Jednak\u017ce w roku 2001 zmieni\u0142a sw\u00f3j profil dzia\u0142alno\u015bci. Zmieniaj\u0105ce si\u0119 przepisy kodeksu handlowego spowodowa\u0142y przekszta\u0142cenie w firm\u0119 dzia\u0142aj\u0105c\u0105 na zasadach og\u00f3lnych.<br>Dynamicznie zmiany zachodz\u0105ce na polskim rynku pozwoli\u0142y nam na znaczne rozszerzenie us\u0142ug, kt\u00f3re \u015bwiadczymy.<\/p>\n\n\n\n<p>W\u00a0swoim obszarze dzia\u0142alno\u015bci posiadamy szeroko poj\u0119te us\u0142ugi zwi\u0105zane z\u00a0konserwacj\u0105 oraz\u00a0renowacj\u0105 zabytk\u00f3w architektury. Nasza firma zajmuje si\u0119 zar\u00f3wno wykonawstwem, jak i\u00a0sporz\u0105dzaniem projekt\u00f3w oraz\u00a0prowadzeniem nadzor\u00f3w konserwatorskich.  \u00a0<\/p>\n\n\n\n<p>W\u00a0zakres naszych prac wchodz\u0105 w obiekty budowlane, kt\u00f3re widniej\u0105 w\u00a0rejestrze zabytk\u00f3w lub znajduj\u0105 si\u0119 pod\u00a0szczeg\u00f3ln\u0105 ochron\u0105 prawn\u0105 Wojew\u00f3dzkiego Konserwatora Zabytk\u00f3w. W\u00a0ci\u0105gu kilkunastu lat swojej dzia\u0142alno\u015bci, poczynaj\u0105c od\u00a0realizacji na\u00a0zasadzie podwykonawstwa firma wykona\u0142a wiele r\u00f3\u017cnych prac dla r\u00f3\u017cnych przedsi\u0119biorstw, jak i\u00a0instytucji pa\u0144stwowych, miejskich ale r\u00f3wnie\u017c jednostek kultury, muze\u00f3w oraz\u00a0instytucji ko\u015bcielnych.<\/p>\n\n\n\n<p><\/p>\n","protected":false},"excerpt":{"rendered":"<p>Firma powsta\u0142a w roku 1998 pocz\u0105tkowo, jako sp\u00f3\u0142ka cywilna. Jednak\u017ce w roku 2001 zmieni\u0142a sw\u00f3j profil dzia\u0142alno\u015bci. Zmieniaj\u0105ce si\u0119 przepisy kodeksu handlowego spowodowa\u0142y przekszta\u0142cenie w firm\u0119 dzia\u0142aj\u0105c\u0105 na zasadach og\u00f3lnych.Dynamicznie zmiany zachodz\u0105ce na polskim rynku pozwoli\u0142y nam na znaczne rozszerzenie us\u0142ug, kt\u00f3re \u015bwiadczymy. W\u00a0swoim obszarze dzia\u0142alno\u015bci posiadamy szeroko poj\u0119te us\u0142ugi zwi\u0105zane z\u00a0konserwacj\u0105 oraz\u00a0renowacj\u0105 zabytk\u00f3w architektury. &hellip; <\/p>\n<p class=\"link-more\"><a href=\"https:\/\/gedanica.pl\/\" class=\"more-link\">Czytaj dalej<span class=\"screen-reader-text\"> \u201eO Nas\u201d<\/span><\/a><\/p>\n","protected":false},"author":1,"featured_media":0,"parent":0,"menu_order":0,"comment_status":"closed","ping_status":"closed","template":"","meta":{"footnotes":""},"class_list":["post-162","page","type-page","status-publish","hentry"],"yoast_head":"<!-- This site is optimized with the Yoast SEO plugin v27.5 - https:\/\/yoast.com\/product\/yoast-seo-wordpress\/ -->\n<title>O Nas - Gedanica<\/title>\n<meta name=\"robots\" content=\"index, follow, max-snippet:-1, max-image-preview:large, max-video-preview:-1\" \/>\n<link rel=\"canonical\" href=\"https:\/\/gedanica.pl\/?page_id=162\" \/>\n<meta property=\"og:locale\" content=\"pl_PL\" \/>\n<meta property=\"og:type\" content=\"article\" \/>\n<meta property=\"og:title\" content=\"O Nas - Gedanica\" \/>\n<meta property=\"og:description\" content=\"Firma powsta\u0142a w roku 1998 pocz\u0105tkowo, jako sp\u00f3\u0142ka cywilna. Jednak\u017ce w roku 2001 zmieni\u0142a sw\u00f3j profil dzia\u0142alno\u015bci. Zmieniaj\u0105ce si\u0119 przepisy kodeksu handlowego spowodowa\u0142y przekszta\u0142cenie w firm\u0119 dzia\u0142aj\u0105c\u0105 na zasadach og\u00f3lnych.Dynamicznie zmiany zachodz\u0105ce na polskim rynku pozwoli\u0142y nam na znaczne rozszerzenie us\u0142ug, kt\u00f3re \u015bwiadczymy. W\u00a0swoim obszarze dzia\u0142alno\u015bci posiadamy szeroko poj\u0119te us\u0142ugi zwi\u0105zane z\u00a0konserwacj\u0105 oraz\u00a0renowacj\u0105 zabytk\u00f3w architektury. &hellip; Czytaj dalej \u201eO Nas\u201d\" \/>\n<meta property=\"og:url\" content=\"https:\/\/gedanica.pl\/?page_id=162\" \/>\n<meta property=\"og:site_name\" content=\"Gedanica\" \/>\n<meta property=\"article:modified_time\" content=\"2024-06-27T20:07:55+00:00\" \/>\n<meta name=\"twitter:card\" content=\"summary_large_image\" \/>\n<meta name=\"twitter:label1\" content=\"Szacowany czas czytania\" \/>\n\t<meta name=\"twitter:data1\" content=\"1 minuta\" \/>\n<script type=\"application\/ld+json\" class=\"yoast-schema-graph\">{\"@context\":\"https:\\\/\\\/schema.org\",\"@graph\":[{\"@type\":\"WebPage\",\"@id\":\"https:\\\/\\\/gedanica.pl\\\/?page_id=162\",\"url\":\"https:\\\/\\\/gedanica.pl\\\/?page_id=162\",\"name\":\"O Nas - Gedanica\",\"isPartOf\":{\"@id\":\"https:\\\/\\\/gedanica.pl\\\/#website\"},\"datePublished\":\"2024-06-27T19:11:44+00:00\",\"dateModified\":\"2024-06-27T20:07:55+00:00\",\"breadcrumb\":{\"@id\":\"https:\\\/\\\/gedanica.pl\\\/?page_id=162#breadcrumb\"},\"inLanguage\":\"pl-PL\",\"potentialAction\":[{\"@type\":\"ReadAction\",\"target\":[\"https:\\\/\\\/gedanica.pl\\\/?page_id=162\"]}]},{\"@type\":\"BreadcrumbList\",\"@id\":\"https:\\\/\\\/gedanica.pl\\\/?page_id=162#breadcrumb\",\"itemListElement\":[{\"@type\":\"ListItem\",\"position\":1,\"name\":\"Strona g\u0142\u00f3wna\",\"item\":\"https:\\\/\\\/gedanica.pl\\\/?page_id=162\"},{\"@type\":\"ListItem\",\"position\":2,\"name\":\"O Nas\"}]},{\"@type\":\"WebSite\",\"@id\":\"https:\\\/\\\/gedanica.pl\\\/#website\",\"url\":\"https:\\\/\\\/gedanica.pl\\\/\",\"name\":\"Gedanica\",\"description\":\"\",\"publisher\":{\"@id\":\"https:\\\/\\\/gedanica.pl\\\/#organization\"},\"potentialAction\":[{\"@type\":\"SearchAction\",\"target\":{\"@type\":\"EntryPoint\",\"urlTemplate\":\"https:\\\/\\\/gedanica.pl\\\/?s={search_term_string}\"},\"query-input\":{\"@type\":\"PropertyValueSpecification\",\"valueRequired\":true,\"valueName\":\"search_term_string\"}}],\"inLanguage\":\"pl-PL\"},{\"@type\":\"Organization\",\"@id\":\"https:\\\/\\\/gedanica.pl\\\/#organization\",\"name\":\"Gedanica\",\"url\":\"https:\\\/\\\/gedanica.pl\\\/\",\"logo\":{\"@type\":\"ImageObject\",\"inLanguage\":\"pl-PL\",\"@id\":\"https:\\\/\\\/gedanica.pl\\\/#\\\/schema\\\/logo\\\/image\\\/\",\"url\":\"https:\\\/\\\/gedanica.pl\\\/wp-content\\\/uploads\\\/2024\\\/06\\\/cropped-cropped-tinywow_change_bg_photo_57870639.png\",\"contentUrl\":\"https:\\\/\\\/gedanica.pl\\\/wp-content\\\/uploads\\\/2024\\\/06\\\/cropped-cropped-tinywow_change_bg_photo_57870639.png\",\"width\":341,\"height\":326,\"caption\":\"Gedanica\"},\"image\":{\"@id\":\"https:\\\/\\\/gedanica.pl\\\/#\\\/schema\\\/logo\\\/image\\\/\"}}]}<\/script>\n<!-- \/ Yoast SEO plugin. -->","yoast_head_json":{"title":"O Nas - Gedanica","robots":{"index":"index","follow":"follow","max-snippet":"max-snippet:-1","max-image-preview":"max-image-preview:large","max-video-preview":"max-video-preview:-1"},"canonical":"https:\/\/gedanica.pl\/?page_id=162","og_locale":"pl_PL","og_type":"article","og_title":"O Nas - Gedanica","og_description":"Firma powsta\u0142a w roku 1998 pocz\u0105tkowo, jako sp\u00f3\u0142ka cywilna. Jednak\u017ce w roku 2001 zmieni\u0142a sw\u00f3j profil dzia\u0142alno\u015bci. Zmieniaj\u0105ce si\u0119 przepisy kodeksu handlowego spowodowa\u0142y przekszta\u0142cenie w firm\u0119 dzia\u0142aj\u0105c\u0105 na zasadach og\u00f3lnych.Dynamicznie zmiany zachodz\u0105ce na polskim rynku pozwoli\u0142y nam na znaczne rozszerzenie us\u0142ug, kt\u00f3re \u015bwiadczymy. W\u00a0swoim obszarze dzia\u0142alno\u015bci posiadamy szeroko poj\u0119te us\u0142ugi zwi\u0105zane z\u00a0konserwacj\u0105 oraz\u00a0renowacj\u0105 zabytk\u00f3w architektury. &hellip; Czytaj dalej \u201eO Nas\u201d","og_url":"https:\/\/gedanica.pl\/?page_id=162","og_site_name":"Gedanica","article_modified_time":"2024-06-27T20:07:55+00:00","twitter_card":"summary_large_image","twitter_misc":{"Szacowany czas czytania":"1 minuta"},"schema":{"@context":"https:\/\/schema.org","@graph":[{"@type":"WebPage","@id":"https:\/\/gedanica.pl\/?page_id=162","url":"https:\/\/gedanica.pl\/?page_id=162","name":"O Nas - Gedanica","isPartOf":{"@id":"https:\/\/gedanica.pl\/#website"},"datePublished":"2024-06-27T19:11:44+00:00","dateModified":"2024-06-27T20:07:55+00:00","breadcrumb":{"@id":"https:\/\/gedanica.pl\/?page_id=162#breadcrumb"},"inLanguage":"pl-PL","potentialAction":[{"@type":"ReadAction","target":["https:\/\/gedanica.pl\/?page_id=162"]}]},{"@type":"BreadcrumbList","@id":"https:\/\/gedanica.pl\/?page_id=162#breadcrumb","itemListElement":[{"@type":"ListItem","position":1,"name":"Strona g\u0142\u00f3wna","item":"https:\/\/gedanica.pl\/?page_id=162"},{"@type":"ListItem","position":2,"name":"O Nas"}]},{"@type":"WebSite","@id":"https:\/\/gedanica.pl\/#website","url":"https:\/\/gedanica.pl\/","name":"Gedanica","description":"","publisher":{"@id":"https:\/\/gedanica.pl\/#organization"},"potentialAction":[{"@type":"SearchAction","target":{"@type":"EntryPoint","urlTemplate":"https:\/\/gedanica.pl\/?s={search_term_string}"},"query-input":{"@type":"PropertyValueSpecification","valueRequired":true,"valueName":"search_term_string"}}],"inLanguage":"pl-PL"},{"@type":"Organization","@id":"https:\/\/gedanica.pl\/#organization","name":"Gedanica","url":"https:\/\/gedanica.pl\/","logo":{"@type":"ImageObject","inLanguage":"pl-PL","@id":"https:\/\/gedanica.pl\/#\/schema\/logo\/image\/","url":"https:\/\/gedanica.pl\/wp-content\/uploads\/2024\/06\/cropped-cropped-tinywow_change_bg_photo_57870639.png","contentUrl":"https:\/\/gedanica.pl\/wp-content\/uploads\/2024\/06\/cropped-cropped-tinywow_change_bg_photo_57870639.png","width":341,"height":326,"caption":"Gedanica"},"image":{"@id":"https:\/\/gedanica.pl\/#\/schema\/logo\/image\/"}}]}},"_links":{"self":[{"href":"https:\/\/gedanica.pl\/index.php?rest_route=\/wp\/v2\/pages\/162","targetHints":{"allow":["GET"]}}],"collection":[{"href":"https:\/\/gedanica.pl\/index.php?rest_route=\/wp\/v2\/pages"}],"about":[{"href":"https:\/\/gedanica.pl\/index.php?rest_route=\/wp\/v2\/types\/page"}],"author":[{"embeddable":true,"href":"https:\/\/gedanica.pl\/index.php?rest_route=\/wp\/v2\/users\/1"}],"replies":[{"embeddable":true,"href":"https:\/\/gedanica.pl\/index.php?rest_route=%2Fwp%2Fv2%2Fcomments&post=162"}],"version-history":[{"count":3,"href":"https:\/\/gedanica.pl\/index.php?rest_route=\/wp\/v2\/pages\/162\/revisions"}],"predecessor-version":[{"id":198,"href":"https:\/\/gedanica.pl\/index.php?rest_route=\/wp\/v2\/pages\/162\/revisions\/198"}],"wp:attachment":[{"href":"https:\/\/gedanica.pl\/index.php?rest_route=%2Fwp%2Fv2%2Fmedia&parent=162"}],"curies":[{"name":"wp","href":"https:\/\/api.w.org\/{rel}","templated":true}]}}